{"id":24326,"date":"2024-06-27T11:38:04","date_gmt":"2024-06-27T09:38:04","guid":{"rendered":"https:\/\/www.wsti.pl\/?post_type=dyplomy_cpt&#038;p=24326"},"modified":"2024-06-27T11:40:45","modified_gmt":"2024-06-27T09:40:45","slug":"slaskie-obrzedy-ludowe-fotoreportaz-jako-dokumentacja-zachowan-spoleczno-kulturowych","status":"publish","type":"dyplomy_cpt","link":"https:\/\/www.wsti.pl\/en\/slaskie-obrzedy-ludowe-fotoreportaz-jako-dokumentacja-zachowan-spoleczno-kulturowych\/","title":{"rendered":"\u015al\u0105skie obrz\u0119dy ludowe \u2013 fotoreporta\u017c jako dokumentacja zachowa\u0144 spo\u0142eczno-kulturowych"},"content":{"rendered":"\n<section class=\"textWithIcons textWithIcons--0 \">\n    <div class=\"tbc\">   \n        <div class=\"container\">\n            <div class=\"row\">\n                                    <div class=\"col-12\">\n                        <h5 class=\"title title--5 color--neutral-black tbc__subTitle\">Autor \u2013 Iwona Rupik<\/h5><div class=\"text text--2 color--neutral-black tbc__desc\"><p><b>1. Cel i podstawowe za\u0142o\u017cenia<\/b><\/p>\n<p>&nbsp;<\/p>\n<p>Celem mojej pracy by\u0142o stworzenie reporta\u017cu fotograficznego obrz\u0119d\u00f3w w wojew\u00f3dztwie \u015bl\u0105skim, kt\u00f3ry mo\u017ce w doskona\u0142y spos\u00f3b odda\u0107 specyfik\u0119, jak r\u00f3wnie\u017c bogactwo kultury obrz\u0119dowej tego regionu. Fotoreporta\u017c jest niezast\u0105pionym narz\u0119dziem do zachowania dziedzictwa kulturowego. \u015al\u0105sk, b\u0119d\u0105cy obszarem o g\u0142\u0119boko zakorzenionej historii i kulturze, kryje w sobie niezwyk\u0142e bogactwo tradycji i obrz\u0119d\u00f3w ludowych. Te przekazywane z pokolenia na pokolenie obrz\u0119dy nie tylko stanowi\u0105 integraln\u0105 cz\u0119\u015b\u0107 dziedzictwa kulturowego, ale tak\u017ce odzwierciedlaj\u0105 to\u017csamo\u015b\u0107 regionu i si\u0142\u0119 spo\u0142eczno\u015bci. W moim fotoreporta\u017cu stara\u0142am si\u0119 uchwyci\u0107 t\u0119 siln\u0105 wi\u0119\u017a spo\u0142eczno\u015bci, kt\u00f3ra wzmacnia si\u0119 poprzez celebrowanie obrz\u0119d\u00f3w. Fotoreporta\u017c jako narz\u0119dzie dokumentuj\u0105ce kultur\u0119 ma na celu zarejestrowanie w kadrze historii, tradycji oraz emocji, kt\u00f3re s\u0105 nieroz\u0142\u0105cznie zwi\u0105zane z obrz\u0119dami, kt\u00f3re kszta\u0142tuj\u0105 to\u017csamo\u015b\u0107 kulturow\u0105 regionu.<\/p>\n<p>&nbsp;<\/p>\n<p><b>2. Realizacja projektu<\/b><\/p>\n<p>&nbsp;<\/p>\n<p>\u015al\u0105sk to obszar o bogatym dziedzictwie kulturowym, kt\u00f3rej obrz\u0119dowo\u015b\u0107 jest przekazywana z pokolenia na pokolenie. Fotoreporta\u017c mo\u017ce by\u0107 doskona\u0142ym \u015brodkiem do dokumentowania i uwieczniania celebracji wydarze\u0144, kt\u00f3re mog\u0105 zanika\u0107 w wyniku zmian spo\u0142ecznych i kulturowych.<br \/>\nG\u0142\u00f3wnym celem pracy by\u0142a dokumentacja fotograficzna wybranych obrz\u0119d\u00f3w na \u015bl\u0105sku, kt\u00f3ra przedstawi charakter obrz\u0119d\u00f3w w tym regionie, jak i emocje, wsp\u00f3lnot\u0119 uczestnik\u00f3w wydarzenia.<br \/>\nRealizacja projektu rozpocz\u0119\u0142a si\u0119 od wyboru fotografowanych obrz\u0119d\u00f3w, kt\u00f3rej proces by\u0142 przemy\u015blany i opiera\u0142 si\u0119 na g\u0142\u0119bokim znaczeniu tradycji regionu.<br \/>\nPo wyborze konkretnych obrz\u0119d\u00f3w rozpocz\u0119to przygotowania do ich fotografowania, co obejmowa\u0142o ustalenie termin\u00f3w, lokalizacji oraz nawi\u0105zanie kontaktu z organizatorami.<br \/>\nPo przeprowadzeniu fotoreporta\u017cy ka\u017cdego z obrz\u0119d\u00f3w materia\u0142y zosta\u0142y poddane obr\u00f3bce ko\u0144cowej w programie Adobe Photoshop. Etap ten umo\u017cliwi\u0142 udoskonalenie i popraw\u0119 ostatecznych efekt\u00f3w, by jak najlepiej m\u00f3c ukaza\u0107 atmosfer\u0119 wydarze\u0144.<\/p>\n<p>&nbsp;<\/p>\n<p><b>3. Produkt ko\u0144cowy<\/b><\/p>\n<p>&nbsp;<\/p>\n<p>Jako form\u0119 przekazu realizacji pracy praktycznej zosta\u0142o wybrane stworzenie albumu fotograficznego, w kt\u00f3rym opr\u00f3cz fotografii znalaz\u0142y si\u0119 tak\u017ce opisy ka\u017cdego z obrz\u0119d\u00f3w. Dzi\u0119ki albumowi fotograficznemu uda\u0142o si\u0119 stworzy\u0107 sp\u00f3jn\u0105 narracj\u0119 wizualn\u0105, prezentuj\u0105c\u0105 kluczowe momenty danego obrz\u0119du, jego uczestnik\u00f3w oraz ich emocje. Album zach\u0119ca widza do eksploracji znacze\u0144 i umo\u017cliwia g\u0142\u0119bsze zrozumienie spo\u0142ecznego kontekstu danej uroczysto\u015bci. Album stanowi sta\u0142\u0105 form\u0119 dokumentacji, kt\u00f3ra mo\u017ce by\u0107 przekazywana przez wiele pokole\u0144, dzi\u0119ki czemu warto\u015b\u0107 i znaczenie obrz\u0119d\u00f3w na \u015bl\u0105sku mo\u017ce by\u0107 zachowana na lata.<br \/>\nFormat zastosowany w projekcie albumy ma wymiary 20 cm x 20 cm, co zapewnia korzystny rozmiar, kt\u00f3ry zarazem jest praktyczny i wizualnie estetyczny, zapewnia on wygod\u0119 dla odbiorcy podczas przegl\u0105dania albumu.<br \/>\nUk\u0142ad albumu fotograficznego cechuje si\u0119 przejrzystymi rozwi\u0105zaniami. Sk\u0142ada si\u0119 z fotografii dokumentuj\u0105cych obrz\u0119dy na \u015al\u0105sku, uzupe\u0142nionych stronami zawieraj\u0105cymi kr\u00f3tkie teksty. Ka\u017cdy rozdzia\u0142 po\u015bwi\u0119cony jest innemu obrz\u0119dowi, co pozwala na przejrzyste zaprezentowanie bogactwa kultury regionu. Zdj\u0119cia zawarte w albumie wyr\u00f3\u017cniaj\u0105 si\u0119 charakterystyczn\u0105 kolorystyk\u0105, kt\u00f3ra oddaje atmosfer\u0119 \u015bl\u0105skich obrz\u0119d\u00f3w. Produktem finalnym jest album fotograficzny, kt\u00f3rego rozk\u0142ad\u00f3wki oraz mockupy zosta\u0142y przedstawione poni\u017cej.<\/p>\n<p>&nbsp;<\/p>\n<p><b>4. Informacje o mo\u017cliwo\u015bci wykorzystania \/ wykorzystaniu pracy<\/b><\/p>\n<p>&nbsp;<\/p>\n<p>Przygotowany album mo\u017ce by\u0107 wykorzystany jako materia\u0142 reklamowy \u015al\u0105ska, kt\u00f3ra prezentowa\u0107 b\u0119dzie bogactwo kultury i tradycji regionu, album mo\u017ce przyci\u0105gn\u0105\u0107 uwag\u0119 potencjalnych turyst\u00f3w, mieszka\u0144c\u00f3w oraz os\u00f3b zainteresowanych dziedzictwem kulturowym. Album mo\u017ce by\u0107 wykorzystany jako materia\u0142 dydaktyczny do nauki o kulturze i tradycjach \u015al\u0105ska w szko\u0142ach, uniwersytetach czy o\u015brodkach kulturalnych. Mo\u017ce s\u0142u\u017cy\u0107 jako narz\u0119dzie do pog\u0142\u0119bienia wiedzy na temat obrz\u0119d\u00f3w ludowych i ich znaczenia dla spo\u0142eczno\u015bci.<\/p>\n<\/div>                    <\/div>\n                                                                                                                                                                                                \n            <\/div>\n        <\/div>\n    <\/div>\n\n<\/section>\n\n<section class=\"photo-block\">\n    <div class=\"container\">\n        <div class=\"row\">\n\n                            <div class=\"col-12\">\n                    <div class=\"photo-block__picture\">\n                                                    <img decoding=\"async\" src=\"https:\/\/www.wsti.pl\/wp-content\/uploads\/2024\/06\/marzanna2.jpg\" alt=\"\" \/>\n                                            <\/div>\n                                    <\/div>\n            \n            <\/section>\n\n<section class=\"photo-block\">\n    <div class=\"container\">\n        <div class=\"row\">\n\n                            <div class=\"col-12\">\n                    <div class=\"photo-block__picture\">\n                                                    <img decoding=\"async\" src=\"https:\/\/www.wsti.pl\/wp-content\/uploads\/2024\/06\/barborka.jpg\" alt=\"\" \/>\n                                            <\/div>\n                                    <\/div>\n            \n            <\/section>\n\n<section class=\"photo-block\">\n    <div class=\"container\">\n        <div class=\"row\">\n\n                            <div class=\"col-12\">\n                    <div class=\"photo-block__picture\">\n                                                    <img decoding=\"async\" src=\"https:\/\/www.wsti.pl\/wp-content\/uploads\/2024\/06\/dozynki2.jpg\" alt=\"\" \/>\n                                            <\/div>\n                                    <\/div>\n            \n            <\/section>\n\n<section class=\"photo-block\">\n    <div class=\"container\">\n        <div class=\"row\">\n\n                            <div class=\"col-12\">\n                    <div class=\"photo-block__picture\">\n                                                    <img decoding=\"async\" src=\"https:\/\/www.wsti.pl\/wp-content\/uploads\/2024\/06\/marzanna.jpg\" alt=\"\" \/>\n                                            <\/div>\n                                    <\/div>\n            \n            <\/section>\n\n<section class=\"photo-block\">\n    <div class=\"container\">\n        <div class=\"row\">\n\n                            <div class=\"col-12\">\n                    <div class=\"photo-block__picture\">\n                                                    <img decoding=\"async\" src=\"https:\/\/www.wsti.pl\/wp-content\/uploads\/2024\/06\/dozynki.jpg\" alt=\"\" \/>\n                                            <\/div>\n                                    <\/div>\n            \n            <\/section>\n\n\n<section class=\"download-files  \">\n    <div class=\"container\">\n        <div class=\"row\">\n                            <div class=\"col-12\">\n                    <div class=\"download-files__line\"><\/div>\n                <\/div>\n                        <div class=\"col-12\">\n                <div class=\"download-files__top\">\n                                            <h5>Zobacz referat<\/h5>\n                                                        <\/div>\n            <\/div>\n            <div class=\"col-12\">\n                                                                                            <a class=\"download-files__content  \" href=\"https:\/\/www.wsti.pl\/wp-content\/uploads\/2024\/06\/REFERAT-PRACY-DYPLOMOWEJ.pdf\">\n                                                                                                                <p class=\"text--2 text--bold\">\u015al\u0105skie obrz\u0119dy ludowe \u2013 fotoreporta\u017c jako dokumentacja zachowa\u0144 spo\u0142eczno-kulturowych \u2013 autor Iwona Rupik<\/p>\n                                                                        <div class=\"download-files__content__icon-last\"><svg width=\"24\" height=\"24\" viewBox=\"0 0 24 24\" fill=\"none\" xmlns=\"http:\/\/www.w3.org\/2000\/svg\">\n<g id=\"Icons\">\n<path id=\"Vector\" d=\"M3 19H21V21H3V19ZM13 13.1716L19.0711 7.1005L20.4853 8.51472L12 17L3.51472 8.51472L4.92893 7.1005L11 13.1716V2H13V13.1716Z\" fill=\"#D90031\"\/>\n<\/g>\n<\/svg>\n<\/div>\n                                <\/a>\n                                                                        <\/div>\n        <\/div>\n    <\/div>\n<\/section>\n ","protected":false},"author":9,"featured_media":24347,"parent":0,"menu_order":0,"template":"","meta":{"_acf_changed":false},"dyplomy_cpt_tags":[24],"class_list":["post-24326","dyplomy_cpt","type-dyplomy_cpt","status-publish","has-post-thumbnail","hentry","dyplomy_cpt_tags-grafika"],"acf":{"alert_on":false,"alert_filter_tag_select":false,"alert_filter_by_tag":[],"modalComunicatHeader_blog":"","modalComunicatHeader_link":null,"awarded_post":true},"yoast_head":"<!-- This site is optimized with the Yoast SEO plugin v27.2 - https:\/\/yoast.com\/product\/yoast-seo-wordpress\/ -->\n<title>\u015al\u0105skie obrz\u0119dy ludowe \u2013 fotoreporta\u017c jako dokumentacja zachowa\u0144 spo\u0142eczno-kulturowych - WSTI<\/title>\n<meta name=\"robots\" content=\"index, follow, max-snippet:-1, max-image-preview:large, max-video-preview:-1\" \/>\n<link rel=\"canonical\" href=\"https:\/\/www.wsti.pl\/slaskie-obrzedy-ludowe-fotoreportaz-jako-dokumentacja-zachowan-spoleczno-kulturowych\/\" \/>\n<meta property=\"og:locale\" content=\"en_US\" \/>\n<meta property=\"og:type\" content=\"article\" \/>\n<meta property=\"og:title\" content=\"\u015al\u0105skie obrz\u0119dy ludowe \u2013 fotoreporta\u017c jako dokumentacja zachowa\u0144 spo\u0142eczno-kulturowych - WSTI\" \/>\n<meta property=\"og:url\" content=\"https:\/\/www.wsti.pl\/slaskie-obrzedy-ludowe-fotoreportaz-jako-dokumentacja-zachowan-spoleczno-kulturowych\/\" \/>\n<meta property=\"og:site_name\" content=\"WSTI\" \/>\n<meta property=\"article:modified_time\" content=\"2024-06-27T09:40:45+00:00\" \/>\n<meta property=\"og:image\" content=\"https:\/\/www.wsti.pl\/wp-content\/uploads\/2024\/06\/marzanna2.jpg\" \/>\n\t<meta property=\"og:image:width\" content=\"1200\" \/>\n\t<meta property=\"og:image:height\" content=\"800\" \/>\n\t<meta property=\"og:image:type\" content=\"image\/jpeg\" \/>\n<meta name=\"twitter:card\" content=\"summary_large_image\" \/>\n<script type=\"application\/ld+json\" class=\"yoast-schema-graph\">{\"@context\":\"https:\/\/schema.org\",\"@graph\":[{\"@type\":\"WebPage\",\"@id\":\"https:\/\/www.wsti.pl\/slaskie-obrzedy-ludowe-fotoreportaz-jako-dokumentacja-zachowan-spoleczno-kulturowych\/\",\"url\":\"https:\/\/www.wsti.pl\/slaskie-obrzedy-ludowe-fotoreportaz-jako-dokumentacja-zachowan-spoleczno-kulturowych\/\",\"name\":\"\u015al\u0105skie obrz\u0119dy ludowe \u2013 fotoreporta\u017c jako dokumentacja zachowa\u0144 spo\u0142eczno-kulturowych - WSTI\",\"isPartOf\":{\"@id\":\"https:\/\/www.wsti.pl\/#website\"},\"primaryImageOfPage\":{\"@id\":\"https:\/\/www.wsti.pl\/slaskie-obrzedy-ludowe-fotoreportaz-jako-dokumentacja-zachowan-spoleczno-kulturowych\/#primaryimage\"},\"image\":{\"@id\":\"https:\/\/www.wsti.pl\/slaskie-obrzedy-ludowe-fotoreportaz-jako-dokumentacja-zachowan-spoleczno-kulturowych\/#primaryimage\"},\"thumbnailUrl\":\"https:\/\/www.wsti.pl\/wp-content\/uploads\/2024\/06\/marzanna2.jpg\",\"datePublished\":\"2024-06-27T09:38:04+00:00\",\"dateModified\":\"2024-06-27T09:40:45+00:00\",\"breadcrumb\":{\"@id\":\"https:\/\/www.wsti.pl\/slaskie-obrzedy-ludowe-fotoreportaz-jako-dokumentacja-zachowan-spoleczno-kulturowych\/#breadcrumb\"},\"inLanguage\":\"en-US\",\"potentialAction\":[{\"@type\":\"ReadAction\",\"target\":[\"https:\/\/www.wsti.pl\/slaskie-obrzedy-ludowe-fotoreportaz-jako-dokumentacja-zachowan-spoleczno-kulturowych\/\"]}]},{\"@type\":\"ImageObject\",\"inLanguage\":\"en-US\",\"@id\":\"https:\/\/www.wsti.pl\/slaskie-obrzedy-ludowe-fotoreportaz-jako-dokumentacja-zachowan-spoleczno-kulturowych\/#primaryimage\",\"url\":\"https:\/\/www.wsti.pl\/wp-content\/uploads\/2024\/06\/marzanna2.jpg\",\"contentUrl\":\"https:\/\/www.wsti.pl\/wp-content\/uploads\/2024\/06\/marzanna2.jpg\",\"width\":1200,\"height\":800},{\"@type\":\"BreadcrumbList\",\"@id\":\"https:\/\/www.wsti.pl\/slaskie-obrzedy-ludowe-fotoreportaz-jako-dokumentacja-zachowan-spoleczno-kulturowych\/#breadcrumb\",\"itemListElement\":[{\"@type\":\"ListItem\",\"position\":1,\"name\":\"Strona g\u0142\u00f3wna\",\"item\":\"https:\/\/www.wsti.pl\/en\/\"},{\"@type\":\"ListItem\",\"position\":2,\"name\":\"\u015al\u0105skie obrz\u0119dy ludowe \u2013 fotoreporta\u017c jako dokumentacja zachowa\u0144 spo\u0142eczno-kulturowych\"}]},{\"@type\":\"WebSite\",\"@id\":\"https:\/\/www.wsti.pl\/#website\",\"url\":\"https:\/\/www.wsti.pl\/\",\"name\":\"WSTI\",\"description\":\"Wy\u017csza Szko\u0142a Technologii Informatycznych w Katowicach\",\"potentialAction\":[{\"@type\":\"SearchAction\",\"target\":{\"@type\":\"EntryPoint\",\"urlTemplate\":\"https:\/\/www.wsti.pl\/?s={search_term_string}\"},\"query-input\":{\"@type\":\"PropertyValueSpecification\",\"valueRequired\":true,\"valueName\":\"search_term_string\"}}],\"inLanguage\":\"en-US\"}]}<\/script>\n<!-- \/ Yoast SEO plugin. -->","yoast_head_json":{"title":"\u015al\u0105skie obrz\u0119dy ludowe \u2013 fotoreporta\u017c jako dokumentacja zachowa\u0144 spo\u0142eczno-kulturowych - WSTI","robots":{"index":"index","follow":"follow","max-snippet":"max-snippet:-1","max-image-preview":"max-image-preview:large","max-video-preview":"max-video-preview:-1"},"canonical":"https:\/\/www.wsti.pl\/slaskie-obrzedy-ludowe-fotoreportaz-jako-dokumentacja-zachowan-spoleczno-kulturowych\/","og_locale":"en_US","og_type":"article","og_title":"\u015al\u0105skie obrz\u0119dy ludowe \u2013 fotoreporta\u017c jako dokumentacja zachowa\u0144 spo\u0142eczno-kulturowych - WSTI","og_url":"https:\/\/www.wsti.pl\/slaskie-obrzedy-ludowe-fotoreportaz-jako-dokumentacja-zachowan-spoleczno-kulturowych\/","og_site_name":"WSTI","article_modified_time":"2024-06-27T09:40:45+00:00","og_image":[{"width":1200,"height":800,"url":"https:\/\/www.wsti.pl\/wp-content\/uploads\/2024\/06\/marzanna2.jpg","type":"image\/jpeg"}],"twitter_card":"summary_large_image","schema":{"@context":"https:\/\/schema.org","@graph":[{"@type":"WebPage","@id":"https:\/\/www.wsti.pl\/slaskie-obrzedy-ludowe-fotoreportaz-jako-dokumentacja-zachowan-spoleczno-kulturowych\/","url":"https:\/\/www.wsti.pl\/slaskie-obrzedy-ludowe-fotoreportaz-jako-dokumentacja-zachowan-spoleczno-kulturowych\/","name":"\u015al\u0105skie obrz\u0119dy ludowe \u2013 fotoreporta\u017c jako dokumentacja zachowa\u0144 spo\u0142eczno-kulturowych - WSTI","isPartOf":{"@id":"https:\/\/www.wsti.pl\/#website"},"primaryImageOfPage":{"@id":"https:\/\/www.wsti.pl\/slaskie-obrzedy-ludowe-fotoreportaz-jako-dokumentacja-zachowan-spoleczno-kulturowych\/#primaryimage"},"image":{"@id":"https:\/\/www.wsti.pl\/slaskie-obrzedy-ludowe-fotoreportaz-jako-dokumentacja-zachowan-spoleczno-kulturowych\/#primaryimage"},"thumbnailUrl":"https:\/\/www.wsti.pl\/wp-content\/uploads\/2024\/06\/marzanna2.jpg","datePublished":"2024-06-27T09:38:04+00:00","dateModified":"2024-06-27T09:40:45+00:00","breadcrumb":{"@id":"https:\/\/www.wsti.pl\/slaskie-obrzedy-ludowe-fotoreportaz-jako-dokumentacja-zachowan-spoleczno-kulturowych\/#breadcrumb"},"inLanguage":"en-US","potentialAction":[{"@type":"ReadAction","target":["https:\/\/www.wsti.pl\/slaskie-obrzedy-ludowe-fotoreportaz-jako-dokumentacja-zachowan-spoleczno-kulturowych\/"]}]},{"@type":"ImageObject","inLanguage":"en-US","@id":"https:\/\/www.wsti.pl\/slaskie-obrzedy-ludowe-fotoreportaz-jako-dokumentacja-zachowan-spoleczno-kulturowych\/#primaryimage","url":"https:\/\/www.wsti.pl\/wp-content\/uploads\/2024\/06\/marzanna2.jpg","contentUrl":"https:\/\/www.wsti.pl\/wp-content\/uploads\/2024\/06\/marzanna2.jpg","width":1200,"height":800},{"@type":"BreadcrumbList","@id":"https:\/\/www.wsti.pl\/slaskie-obrzedy-ludowe-fotoreportaz-jako-dokumentacja-zachowan-spoleczno-kulturowych\/#breadcrumb","itemListElement":[{"@type":"ListItem","position":1,"name":"Strona g\u0142\u00f3wna","item":"https:\/\/www.wsti.pl\/en\/"},{"@type":"ListItem","position":2,"name":"\u015al\u0105skie obrz\u0119dy ludowe \u2013 fotoreporta\u017c jako dokumentacja zachowa\u0144 spo\u0142eczno-kulturowych"}]},{"@type":"WebSite","@id":"https:\/\/www.wsti.pl\/#website","url":"https:\/\/www.wsti.pl\/","name":"WSTI","description":"Wy\u017csza Szko\u0142a Technologii Informatycznych w Katowicach","potentialAction":[{"@type":"SearchAction","target":{"@type":"EntryPoint","urlTemplate":"https:\/\/www.wsti.pl\/?s={search_term_string}"},"query-input":{"@type":"PropertyValueSpecification","valueRequired":true,"valueName":"search_term_string"}}],"inLanguage":"en-US"}]}},"_links":{"self":[{"href":"https:\/\/www.wsti.pl\/en\/wp-json\/wp\/v2\/dyplomy_cpt\/24326","targetHints":{"allow":["GET"]}}],"collection":[{"href":"https:\/\/www.wsti.pl\/en\/wp-json\/wp\/v2\/dyplomy_cpt"}],"about":[{"href":"https:\/\/www.wsti.pl\/en\/wp-json\/wp\/v2\/types\/dyplomy_cpt"}],"author":[{"embeddable":true,"href":"https:\/\/www.wsti.pl\/en\/wp-json\/wp\/v2\/users\/9"}],"wp:featuredmedia":[{"embeddable":true,"href":"https:\/\/www.wsti.pl\/en\/wp-json\/wp\/v2\/media\/24347"}],"wp:attachment":[{"href":"https:\/\/www.wsti.pl\/en\/wp-json\/wp\/v2\/media?parent=24326"}],"wp:term":[{"taxonomy":"dyplomy_cpt_tags","embeddable":true,"href":"https:\/\/www.wsti.pl\/en\/wp-json\/wp\/v2\/dyplomy_cpt_tags?post=24326"}],"curies":[{"name":"wp","href":"https:\/\/api.w.org\/{rel}","templated":true}]}}