{"id":17677,"date":"2024-02-22T10:24:17","date_gmt":"2024-02-22T09:24:17","guid":{"rendered":"https:\/\/www.wsti.pl\/?post_type=dyplomy_cpt&#038;p=17677"},"modified":"2024-03-04T11:09:36","modified_gmt":"2024-03-04T10:09:36","slug":"co-widzial-czajnik-rozwazania-o-codziennosci","status":"publish","type":"dyplomy_cpt","link":"https:\/\/www.wsti.pl\/ru\/co-widzial-czajnik-rozwazania-o-codziennosci\/","title":{"rendered":"Co widzia\u0142 czajnik? Rozwa\u017cania o codzienno\u015bci."},"content":{"rendered":"\n<section class=\"textWithIcons textWithIcons--0 \">\n    <div class=\"tbc\">   \n        <div class=\"container\">\n            <div class=\"row\">\n                                    <div class=\"col-12\">\n                        <h3 class=\"title title--3 color--neutral-black tbc__title\">Co widzia\u0142 czajnik? Rozwa\u017cania o codzienno\u015bci. Cykl reporta\u017cowej fotografii otworkowej wykonanej czajnikiem.<\/h3><h5 class=\"title title--5 color--neutral-black tbc__subTitle\">Autor \u2013 Marta Ko\u0142odziejczyk<\/h5><div class=\"text text--2 color--neutral-black tbc__desc\"><p>&nbsp;<\/p>\n<p><strong>1. Cel i podstawowe za\u0142o\u017cenia<\/strong><\/p>\n<p>&nbsp;<\/p>\n<p>Celem niniejszej pracy by\u0142o stworzenie reporta\u017cowego cyklu fotografii w technice otworkowej opowiadaj\u0105cego o codzienno\u015bci. Zamiast zwyk\u0142ego aparatu fotograficznego u\u017cyty zosta\u0142 czajnik przerobiony na kamer\u0119 otworkow\u0105. Zdj\u0119cia wykonane zosta\u0142y z perspektywy ww. przedmiotu. Jako rzecz zwyczajna, znajduj\u0105ca si\u0119 w ka\u017cdym domu czajnik wydaje si\u0119 by\u0107 obserwatorem tego, co si\u0119 wok\u00f3\u0142 niego dzieje dlatego miejscami fotografowanych wydarze\u0144 s\u0105 kuchnie w r\u00f3\u017cnych domach jako przestrze\u0144 prozaicznych, cho\u0107 czasem niecodziennych wydarze\u0144.<\/p>\n<p>&nbsp;<\/p>\n<p>Zastosowanie techniki otworkowej oraz wyb\u00f3r czajnika jako aparatu uzasadnione zostaje tym, \u017ce pozwala to na zachowanie pe\u0142nej autentyczno\u015bci otoczenia, nie ogranicza swobody portretowanych oraz uwydatnia reportersko\u015b\u0107 sytuacji. D\u0142ugie czasy na\u015bwietlania, konieczne do zastosowania ze wzgl\u0119d\u00f3w technicznych, zosta\u0142y wykorzystane do pokazania relacji mi\u0119dzy znajduj\u0105cymi si\u0119 w kadrze postaciami (lub ich brak), a tak\u017ce dynamiki przestrzeni.<\/p>\n<\/div>                    <\/div>\n                                                                                                                                                                                                \n            <\/div>\n        <\/div>\n    <\/div>\n\n<\/section>\n\n<section class=\"photo-block\">\n    <div class=\"container\">\n        <div class=\"row\">\n\n            \n                                                                                                <div class=\"col-12 col-md-6\">\n                                    <div class=\"photo-block__picture\">\n\n                                                                                    <img decoding=\"async\" src=\"https:\/\/www.wsti.pl\/wp-content\/uploads\/2024\/02\/marta_kolodziejczyk_co_widzial_czajnik-1.jpg\" alt=\"\" \/>\n                                                                                \n                                    <\/div>\n                                <\/div>\n                        \t                                <div class=\"col-12 col-md-6\">\n                                    <div class=\"photo-block__picture\">\n\n                                                                                    <img decoding=\"async\" src=\"https:\/\/www.wsti.pl\/wp-content\/uploads\/2024\/02\/marta_kolodziejczyk_co_widzial_czajnik-10.jpg\" alt=\"\" \/>\n                                                                                \n                                    <\/div>\n                                <\/div>\n                        \t                                    <\/section>\n\n\n<section class=\"textWithIcons textWithIcons--0 padding-less\">\n    <div class=\"tbc\">   \n        <div class=\"container\">\n            <div class=\"row\">\n                                    <div class=\"col-12\">\n                        <div class=\"text text--2 color--neutral-black tbc__desc\"><p><strong>2. Realizacja projektu<\/strong><\/p>\n<p>&nbsp;<\/p>\n<p>W celu zrealizowania projektu zbudowano kamer\u0119 otworkow\u0105 \u2013 aparat wykorzystuj\u0105cy zjawisko camery obscura oraz dobrano odpowiednie parametry aparatu (do\u015bwiadczalnie, jak i na podstawie wylicze\u0144 matematycznych). Kolejnym krokiem by\u0142 dob\u00f3r najlepszego materia\u0142u \u015bwiat\u0142oczu\u0142ego. Po przetestowaniu mo\u017cliwych rozwi\u0105za\u0144 i podj\u0119ciu decyzji dotycz\u0105cych rejestracji obrazu oraz wyboru chemii fotograficznej przyst\u0105piono do realizacji na\u015bwietle\u0144.<\/p>\n<p>&nbsp;<\/p>\n<p>Po przybyciu do wybranej kuchni domownicy proszeni byli o to, by siedli przy stole, tak jak maj\u0105 to w zwyczaju na co dzie\u0144. Czajnik ustawiany by\u0142 na kuchence lub piecu z obiektywem skierowanym w stron\u0119 jadalni. Na\u015bwietlenie jednej sceny trwa\u0142o pomi\u0119dzy 20, a 30 minut.<\/p>\n<p>&nbsp;<\/p>\n<p>Po zako\u0144czeniu na\u015bwietlania pierwszego zdj\u0119cia zmieniano materia\u0142 \u015bwiat\u0142oczu\u0142y i scena rejestrowana by\u0142a ponownie,wprowadzaj\u0105c modyfikacj\u0119 k\u0105ta ustawienia czajnika oraz zmian\u0119 czasu otwarcia migawki tak, by zmaksymalizowa\u0107 szans\u0119 na otrzymanie po\u017c\u0105danego efektu. Podczas trwania sesji dbano o to, by scena by\u0142a mo\u017cliwie wiarygodna i naturalna. Aby osi\u0105gn\u0105\u0107 wiarygodne rezultaty, ka\u017cda z wybranych scen rejestrowana by\u0142a minimum trzykrotnie.<\/p>\n<p>&nbsp;<\/p>\n<p>Specyfika d\u0142ugiego czasu na\u015bwietlania pozwala na rejestracj\u0119 ruchu. Dzi\u0119ki temu uda\u0142o si\u0119 uchwyci\u0107 dynamik\u0119 pomieszczenia oraz relacj\u0119 mi\u0119dzy domownikami. Ka\u017cdy portretowany zosta\u0142 poproszony o to, by wykonywa\u0142 to, co zazwyczaj. Dzi\u0119ki temu \u017caden z zarejestrowanych obraz\u00f3w nie jest efektem skrupulatnego planowania zdj\u0119cia. Kuchnie oraz jadalnie nie zosta\u0142y przygotowane, domownicy nie byli stylizowani ani instruowani co do tego, jak si\u0119 zachowywa\u0107.<\/p>\n<p>&nbsp;<\/p>\n<p>Sfotografowano ponad 17 r\u00f3\u017cnych kuchni i jadalni na\u015bwietlaj\u0105c ponad 78 b\u0142on fotograficznych. Sumaryczny czas rejestracji obrazu wyni\u00f3s\u0142 oko\u0142o 33 godzin, ponadto zu\u017cyto 13l wywo\u0142ywacza oraz 4l, gdzie czas reakcji chemicznych przekroczy\u0142 10 godzin.<\/p>\n<p>&nbsp;<\/p>\n<p><strong>3. Produkt ko\u0144cowy<\/strong><\/p>\n<p>&nbsp;<\/p>\n<p>Z ponad 17 fotografowanych scen wybrano 10 r\u00f3\u017cnych kuchni i jadalni, kt\u00f3re doskonale ukazuj\u0105 r\u00f3\u017cnice w zwyczajach r\u00f3\u017cnych domostw. Pocz\u0105wszy od wystroju, a na zachowaniu domownik\u00f3w oraz relacjach pomi\u0119dzy nimi sko\u0144czywszy, projekt spe\u0142ni\u0142 swoje za\u0142o\u017cenie \u2013 udowodni\u0142 mo\u017cliwo\u015b\u0107 przedstawienia charakteru pomieszczenia i jego u\u017cytkownik\u00f3w w spos\u00f3b naturalny, nieoczywisty i unikatowy nios\u0105c ze sob\u0105 warto\u015b\u0107 dokumentaln\u0105 i badawcz\u0105.<\/p>\n<p>&nbsp;<\/p>\n<p>Do przedstawienia powsta\u0142ych fotografii zdecydowano si\u0119 na form\u0119 ukazuj\u0105c\u0105 styk\u00f3wk\u0119 negatywu dla podkre\u015blania autentyczno\u015bci wykonywanego na\u015bwietlenia.<\/p>\n<p>&nbsp;<\/p>\n<p>Dodatkowo, podczas digitalizacji usuni\u0119te zosta\u0142y z negatyw\u00f3w osiad\u0142e py\u0142ki kurzu (wedle przyj\u0119tej zasady estetycznej) aczkolwiek pozostawiono uszkodzenia mechaniczne b\u0142ony powsta\u0142e w wyniku wsadzania i wyci\u0105gania materia\u0142u \u015bwiat\u0142oczu\u0142ego do czajnika. Zabieg ten wzmacnia autentyczno\u015b\u0107 procesu.<\/p>\n<p>&nbsp;<\/p>\n<p>Na obrazach widzimy rozmazane postaci, czyli bohater\u00f3w reporta\u017cu. Jest to efekt rozmycia ostro\u015bci wywo\u0142any d\u0142ugim czasem na\u015bwietlania &#8212; gdy fotografowany przedmiot zostaje poruszony, oraz gdy osoba uwieczniana nie pozostaje w ca\u0142kowitym bezruchu. Zabieg ten pokazuje jakie pozycje przyjmowali gospodarze domostw, co daje kompletny obraz ich wzajemnych relacji.<\/p>\n<p>&nbsp;<\/p>\n<p>Warto r\u00f3wnie\u017c zwr\u00f3ci\u0107 uwag\u0119 na rozmycia przedmiot\u00f3w. Mo\u017cna zauwa\u017cy\u0107 jakie rzeczy by\u0142y przestawiane lub u\u017cywane w trakcie trwania na\u015bwietlenia. Pozwala to na wywnioskowanie zwyczaj\u00f3w domownik\u00f3w lub ich upodoba\u0144. Ca\u0142okszta\u0142t zdj\u0119cia jest dokumentacj\u0105 codzienno\u015bci fotografowanego domostwa.<\/p>\n<\/div>                    <\/div>\n                                                                                                                                                                                                \n            <\/div>\n        <\/div>\n    <\/div>\n\n<\/section>\n\n\n\n    <section class=\"gallery-photo-video   \">\n        <div class=\"container\">\n            <div class=\"row\">\n                            <\/div>\n            <div class=\"row gap-box\">\n                                    \n                                                            <div class=\"col-12 col-sm-6 col-md-4 col-xl-3\">\n                                                                            <a class=\"gallery-photo-video__item\" data-fslightbox=\"gallery-photo-video-item\" href=\"https:\/\/www.wsti.pl\/wp-content\/uploads\/2024\/02\/marta_kolodziejczyk_co_widzial_czajnik-3.jpg\">\n                                            <img decoding=\"async\" src=\"https:\/\/www.wsti.pl\/wp-content\/uploads\/2024\/02\/marta_kolodziejczyk_co_widzial_czajnik-3.jpg\" alt=\"\" \/>\n                                        <\/a>\n                                                                                                        <\/div>\n                            \n                            \n                            \n\n\n\n                    \n                                                            <div class=\"col-12 col-sm-6 col-md-4 col-xl-3\">\n                                                                            <a class=\"gallery-photo-video__item\" data-fslightbox=\"gallery-photo-video-item\" href=\"https:\/\/www.wsti.pl\/wp-content\/uploads\/2024\/02\/marta_kolodziejczyk_co_widzial_czajnik-4.jpg\">\n                                            <img decoding=\"async\" src=\"https:\/\/www.wsti.pl\/wp-content\/uploads\/2024\/02\/marta_kolodziejczyk_co_widzial_czajnik-4.jpg\" alt=\"\" \/>\n                                        <\/a>\n                                                                                                        <\/div>\n                            \n                            \n                            \n\n\n\n                    \n                                                            <div class=\"col-12 col-sm-6 col-md-4 col-xl-3\">\n                                                                            <a class=\"gallery-photo-video__item\" data-fslightbox=\"gallery-photo-video-item\" href=\"https:\/\/www.wsti.pl\/wp-content\/uploads\/2024\/02\/marta_kolodziejczyk_co_widzial_czajnik-5.jpg\">\n                                            <img decoding=\"async\" src=\"https:\/\/www.wsti.pl\/wp-content\/uploads\/2024\/02\/marta_kolodziejczyk_co_widzial_czajnik-5.jpg\" alt=\"\" \/>\n                                        <\/a>\n                                                                                                        <\/div>\n                            \n                            \n                            \n\n\n\n                    \n                                                            <div class=\"col-12 col-sm-6 col-md-4 col-xl-3\">\n                                                                            <a class=\"gallery-photo-video__item\" data-fslightbox=\"gallery-photo-video-item\" href=\"https:\/\/www.wsti.pl\/wp-content\/uploads\/2024\/02\/marta_kolodziejczyk_co_widzial_czajnik-6.jpg\">\n                                            <img decoding=\"async\" src=\"https:\/\/www.wsti.pl\/wp-content\/uploads\/2024\/02\/marta_kolodziejczyk_co_widzial_czajnik-6.jpg\" alt=\"\" \/>\n                                        <\/a>\n                                                                                                        <\/div>\n                            \n                            \n                            \n\n\n\n                    \n                                                            <div class=\"col-12 col-sm-6 col-md-4 col-xl-3\">\n                                                                            <a class=\"gallery-photo-video__item\" data-fslightbox=\"gallery-photo-video-item\" href=\"https:\/\/www.wsti.pl\/wp-content\/uploads\/2024\/02\/marta_kolodziejczyk_co_widzial_czajnik-7.jpg\">\n                                            <img decoding=\"async\" src=\"https:\/\/www.wsti.pl\/wp-content\/uploads\/2024\/02\/marta_kolodziejczyk_co_widzial_czajnik-7.jpg\" alt=\"\" \/>\n                                        <\/a>\n                                                                                                        <\/div>\n                            \n                            \n                            \n\n\n\n                    \n                                                            <div class=\"col-12 col-sm-6 col-md-4 col-xl-3\">\n                                                                            <a class=\"gallery-photo-video__item\" data-fslightbox=\"gallery-photo-video-item\" href=\"https:\/\/www.wsti.pl\/wp-content\/uploads\/2024\/02\/marta_kolodziejczyk_co_widzial_czajnik-8.jpg\">\n                                            <img decoding=\"async\" src=\"https:\/\/www.wsti.pl\/wp-content\/uploads\/2024\/02\/marta_kolodziejczyk_co_widzial_czajnik-8.jpg\" alt=\"\" \/>\n                                        <\/a>\n                                                                                                        <\/div>\n                            \n                            \n                            \n\n\n\n                    \n                                                            <div class=\"col-12 col-sm-6 col-md-4 col-xl-3\">\n                                                                            <a class=\"gallery-photo-video__item\" data-fslightbox=\"gallery-photo-video-item\" href=\"https:\/\/www.wsti.pl\/wp-content\/uploads\/2024\/02\/marta_kolodziejczyk_co_widzial_czajnik-2.jpg\">\n                                            <img decoding=\"async\" src=\"https:\/\/www.wsti.pl\/wp-content\/uploads\/2024\/02\/marta_kolodziejczyk_co_widzial_czajnik-2.jpg\" alt=\"\" \/>\n                                        <\/a>\n                                                                                                        <\/div>\n                            \n                            \n                            \n\n\n\n                    \n                                                            <div class=\"col-12 col-sm-6 col-md-4 col-xl-3\">\n                                                                            <a class=\"gallery-photo-video__item\" data-fslightbox=\"gallery-photo-video-item\" href=\"https:\/\/www.wsti.pl\/wp-content\/uploads\/2024\/02\/marta_kolodziejczyk_co_widzial_czajnik-9.jpg\">\n                                            <img decoding=\"async\" src=\"https:\/\/www.wsti.pl\/wp-content\/uploads\/2024\/02\/marta_kolodziejczyk_co_widzial_czajnik-9.jpg\" alt=\"\" \/>\n                                        <\/a>\n                                                                                                        <\/div>\n                            \n                            \n                            \n\n\n\n                    \n                                                            <div class=\"col-12 col-sm-6 col-md-4 col-xl-3\">\n                                                                            <a class=\"gallery-photo-video__item\" data-fslightbox=\"gallery-photo-video-item\" href=\"https:\/\/www.wsti.pl\/wp-content\/uploads\/2024\/02\/marta_kolodziejczyk_co_widzial_czajnik-10.jpg\">\n                                            <img decoding=\"async\" src=\"https:\/\/www.wsti.pl\/wp-content\/uploads\/2024\/02\/marta_kolodziejczyk_co_widzial_czajnik-10.jpg\" alt=\"\" \/>\n                                        <\/a>\n                                                                                                        <\/div>\n                            \n                            \n                            \n\n\n\n                    \n                                                            <div class=\"col-12 col-sm-6 col-md-4 col-xl-3\">\n                                                                            <a class=\"gallery-photo-video__item\" data-fslightbox=\"gallery-photo-video-item\" href=\"https:\/\/www.wsti.pl\/wp-content\/uploads\/2024\/02\/marta_kolodziejczyk_co_widzial_czajnik-1.jpg\">\n                                            <img decoding=\"async\" src=\"https:\/\/www.wsti.pl\/wp-content\/uploads\/2024\/02\/marta_kolodziejczyk_co_widzial_czajnik-1.jpg\" alt=\"\" \/>\n                                        <\/a>\n                                                                                                        <\/div>\n                            \n                            \n                            \n\n\n\n                                                <\/div>\n        <\/div>\n    <\/section>\n\n\n<section class=\"textWithIcons textWithIcons--2 grayBG padding-less\">\n    <div class=\"tbc\">   \n        <div class=\"container\">\n            <div class=\"row\">\n                                                                    <div class=\"col-12\">\n                        <h5 class=\"title title--5 color--neutral-black tbc__subTitle\">Projekt Marty Ko\u0142odziejczyk zdoby\u0142 nagrody:<\/h5><div class=\"tbc__fullList tbc__fullList--small\">                    <div class=\"tbc__fullList__box\">\n                        <div class=\"tbc__fullList__box__ico\">\n                                                            <img decoding=\"async\" src=\"https:\/\/www.wsti.pl\/wp-content\/uploads\/2023\/11\/number_icon1-colorred.svg\" alt=\"\" \/>\n                                                    <\/div>\n                        <div class=\"tbc__fullList__box__content\">\n                                                            <div class=\"text text--2 text--bold color--neutral-black\"><p>Br\u0105z w kategorii Photojournalism w konkursie <a href=\"https:\/\/www.analogsparksawards.com\/winner\/zoom.php?eid=3-2801-23\" target=\"_blank\" rel=\"noopener\">Analog Sparks Photography Awards<\/a><\/p>\n<\/div>\n                                                                                                            <\/div>\n                    <\/div>\n                                    <div class=\"tbc__fullList__box\">\n                        <div class=\"tbc__fullList__box__ico\">\n                                                            <img decoding=\"async\" src=\"https:\/\/www.wsti.pl\/wp-content\/uploads\/2023\/11\/number_icon2-colorred.svg\" alt=\"\" \/>\n                                                    <\/div>\n                        <div class=\"tbc__fullList__box__content\">\n                                                            <div class=\"text text--2 text--bold color--neutral-black\"><p>Wyr\u00f3\u017cnienie w kategorii Analog w konkursie <a href=\"https:\/\/ndawards.net\/winners-gallery\/nd-awards-2023\/non-professional\/analog-film\/hm\/20587\/\" target=\"_blank\" rel=\"noopener\">ND Awards<\/a><\/p>\n<\/div>\n                                                                                                            <\/div>\n                    <\/div>\n                                    <div class=\"tbc__fullList__box\">\n                        <div class=\"tbc__fullList__box__ico\">\n                                                            <img decoding=\"async\" src=\"https:\/\/www.wsti.pl\/wp-content\/uploads\/2023\/11\/number_icon3-colorred.svg\" alt=\"\" \/>\n                                                    <\/div>\n                        <div class=\"tbc__fullList__box__content\">\n                                                            <div class=\"text text--2 text--bold color--neutral-black\"><p>Wyr\u00f3\u017cnienie w konkursie <a href=\"https:\/\/budapestfotoawards.com\/winners\/hm\/2023\/93-28069-23\/\" target=\"_blank\" rel=\"noopener\">Budapest International Foto Awards<\/a><\/p>\n<\/div>\n                                                                                                            <\/div>\n                    <\/div>\n                                    <div class=\"tbc__fullList__box\">\n                        <div class=\"tbc__fullList__box__ico\">\n                                                            <img decoding=\"async\" src=\"https:\/\/www.wsti.pl\/wp-content\/uploads\/2023\/10\/number_icon4-colorred.svg\" alt=\"\" \/>\n                                                    <\/div>\n                        <div class=\"tbc__fullList__box__content\">\n                                                            <div class=\"text text--2 text--bold color--neutral-black\"><p>Zosta\u0142 zaprezentowany na XX OFFO (Og\u00f3lnopolski Festiwal Fotografii Otworkowej), gdzie by\u0142 prezentowany w Galerii Gawra w Raciborzu oraz zdoby\u0142 nagrod\u0119 publiczno\u015bci.<\/p>\n<\/div>\n                                                                                                            <\/div>\n                    <\/div>\n                <\/div>                    <\/div>\n                                                                                                                                                                \n            <\/div>\n        <\/div>\n    <\/div>\n\n<\/section>\n\n\n\n    <section class=\"gallery-photo-video   \">\n        <div class=\"container\">\n            <div class=\"row\">\n                            <\/div>\n            <div class=\"row gap-box\">\n                                    \n                                                            <div class=\"col-12 col-sm-6 col-md-4 col-xl-3\">\n                                                                            <a class=\"gallery-photo-video__item\" data-fslightbox=\"gallery-photo-video-item\" href=\"https:\/\/www.wsti.pl\/wp-content\/uploads\/2024\/02\/czajnik-1.jpg\">\n                                            <img decoding=\"async\" src=\"https:\/\/www.wsti.pl\/wp-content\/uploads\/2024\/02\/czajnik-1.jpg\" alt=\"\" \/>\n                                        <\/a>\n                                                                                                        <\/div>\n                            \n                            \n                            \n\n\n\n                    \n                                                            <div class=\"col-12 col-sm-6 col-md-4 col-xl-3\">\n                                                                            <a class=\"gallery-photo-video__item\" data-fslightbox=\"gallery-photo-video-item\" href=\"https:\/\/www.wsti.pl\/wp-content\/uploads\/2024\/02\/czajnik-2.jpg\">\n                                            <img decoding=\"async\" src=\"https:\/\/www.wsti.pl\/wp-content\/uploads\/2024\/02\/czajnik-2.jpg\" alt=\"\" \/>\n                                        <\/a>\n                                                                                                        <\/div>\n                            \n                            \n                            \n\n\n\n                    \n                                                            <div class=\"col-12 col-sm-6 col-md-4 col-xl-3\">\n                                                                            <a class=\"gallery-photo-video__item\" data-fslightbox=\"gallery-photo-video-item\" href=\"https:\/\/www.wsti.pl\/wp-content\/uploads\/2024\/02\/czajnik-3.jpg\">\n                                            <img decoding=\"async\" src=\"https:\/\/www.wsti.pl\/wp-content\/uploads\/2024\/02\/czajnik-3.jpg\" alt=\"\" \/>\n                                        <\/a>\n                                                                                                        <\/div>\n                            \n                            \n                            \n\n\n\n                    \n                                                            <div class=\"col-12 col-sm-6 col-md-4 col-xl-3\">\n                                                                            <a class=\"gallery-photo-video__item\" data-fslightbox=\"gallery-photo-video-item\" href=\"https:\/\/www.wsti.pl\/wp-content\/uploads\/2024\/02\/nagrody_co_widzial_czajnik.jpg\">\n                                            <img decoding=\"async\" src=\"https:\/\/www.wsti.pl\/wp-content\/uploads\/2024\/02\/nagrody_co_widzial_czajnik.jpg\" alt=\"\" \/>\n                                        <\/a>\n                                                                                                        <\/div>\n                            \n                            \n                            \n\n\n\n                    \n                                                            <div class=\"col-12 col-sm-6 col-md-4 col-xl-3\">\n                                                                            <a class=\"gallery-photo-video__item\" data-fslightbox=\"gallery-photo-video-item\" href=\"https:\/\/www.wsti.pl\/wp-content\/uploads\/2024\/02\/obrona_co_widzial_czajnik.jpg\">\n                                            <img decoding=\"async\" src=\"https:\/\/www.wsti.pl\/wp-content\/uploads\/2024\/02\/obrona_co_widzial_czajnik.jpg\" alt=\"\" \/>\n                                        <\/a>\n                                                                                                        <\/div>\n                            \n                            \n                            \n\n\n\n                    \n                                                            <div class=\"col-12 col-sm-6 col-md-4 col-xl-3\">\n                                                                            <a class=\"gallery-photo-video__item\" data-fslightbox=\"gallery-photo-video-item\" href=\"https:\/\/www.wsti.pl\/wp-content\/uploads\/2024\/02\/wystawa_offo-1.jpg\">\n                                            <img decoding=\"async\" src=\"https:\/\/www.wsti.pl\/wp-content\/uploads\/2024\/02\/wystawa_offo-1.jpg\" alt=\"\" \/>\n                                        <\/a>\n                                                                                                        <\/div>\n                            \n                            \n                            \n\n\n\n                    \n                                                            <div class=\"col-12 col-sm-6 col-md-4 col-xl-3\">\n                                                                            <a class=\"gallery-photo-video__item\" data-fslightbox=\"gallery-photo-video-item\" href=\"https:\/\/www.wsti.pl\/wp-content\/uploads\/2024\/02\/wystawa_offo-2.jpg\">\n                                            <img decoding=\"async\" src=\"https:\/\/www.wsti.pl\/wp-content\/uploads\/2024\/02\/wystawa_offo-2.jpg\" alt=\"\" \/>\n                                        <\/a>\n                                                                                                        <\/div>\n                            \n                            \n                            \n\n\n\n                                                <\/div>\n        <\/div>\n    <\/section>\n\n\n<section class=\"download-files  \">\n    <div class=\"container\">\n        <div class=\"row\">\n                        <div class=\"col-12\">\n                <div class=\"download-files__top\">\n                                            <h5>Zobacz referat<\/h5>\n                                                        <\/div>\n            <\/div>\n            <div class=\"col-12\">\n                                                                                            <a class=\"download-files__content  \" href=\"https:\/\/www.wsti.pl\/wp-content\/uploads\/2024\/02\/marta_kolodziejczyk_referat.pdf\">\n                                                                            <img decoding=\"async\" class=\"download-files__content__icon-first\" src=\"https:\/\/www.wsti.pl\/wp-content\/uploads\/2023\/11\/iconsfile-text-line-colorred.svg\" alt=\"\" \/>\n                                                                                                                <p class=\"text--2 text--bold\">Co widzia\u0142 czajnik? Rozwa\u017cania o codzienno\u015bci. Cykl reporta\u017cowej fotografii otworkowej wykonanej czajnikiem \u2013 autor Marta Ko\u0142odziejczyk<\/p>\n                                                                        <div class=\"download-files__content__icon-last\"><svg width=\"24\" height=\"24\" viewBox=\"0 0 24 24\" fill=\"none\" xmlns=\"http:\/\/www.w3.org\/2000\/svg\">\n<g id=\"Icons\">\n<path id=\"Vector\" d=\"M3 19H21V21H3V19ZM13 13.1716L19.0711 7.1005L20.4853 8.51472L12 17L3.51472 8.51472L4.92893 7.1005L11 13.1716V2H13V13.1716Z\" fill=\"#D90031\"\/>\n<\/g>\n<\/svg>\n<\/div>\n                                <\/a>\n                                                                        <\/div>\n        <\/div>\n    <\/div>\n<\/section>\n ","protected":false},"author":9,"featured_media":17779,"parent":0,"menu_order":0,"template":"","meta":{"_acf_changed":false},"dyplomy_cpt_tags":[24],"class_list":["post-17677","dyplomy_cpt","type-dyplomy_cpt","status-publish","has-post-thumbnail","hentry","dyplomy_cpt_tags-grafika"],"acf":{"alert_on":false,"alert_filter_tag_select":false,"alert_filter_by_tag":[],"modalComunicatHeader_blog":"","modalComunicatHeader_link":null,"awarded_post":false},"yoast_head":"<!-- This site is optimized with the Yoast SEO plugin v27.2 - https:\/\/yoast.com\/product\/yoast-seo-wordpress\/ -->\n<title>Co widzia\u0142 czajnik? Rozwa\u017cania o codzienno\u015bci. - WSTI<\/title>\n<meta name=\"robots\" content=\"index, follow, max-snippet:-1, max-image-preview:large, max-video-preview:-1\" \/>\n<link rel=\"canonical\" href=\"https:\/\/www.wsti.pl\/co-widzial-czajnik-rozwazania-o-codziennosci\/\" \/>\n<meta property=\"og:locale\" content=\"ru_RU\" \/>\n<meta property=\"og:type\" content=\"article\" \/>\n<meta property=\"og:title\" content=\"Co widzia\u0142 czajnik? Rozwa\u017cania o codzienno\u015bci. - WSTI\" \/>\n<meta property=\"og:url\" content=\"https:\/\/www.wsti.pl\/co-widzial-czajnik-rozwazania-o-codziennosci\/\" \/>\n<meta property=\"og:site_name\" content=\"WSTI\" \/>\n<meta property=\"article:modified_time\" content=\"2024-03-04T10:09:36+00:00\" \/>\n<meta property=\"og:image\" content=\"https:\/\/www.wsti.pl\/wp-content\/uploads\/2024\/02\/czajnik-1.jpg\" \/>\n\t<meta property=\"og:image:width\" content=\"960\" \/>\n\t<meta property=\"og:image:height\" content=\"960\" \/>\n\t<meta property=\"og:image:type\" content=\"image\/jpeg\" \/>\n<meta name=\"twitter:card\" content=\"summary_large_image\" \/>\n<script type=\"application\/ld+json\" class=\"yoast-schema-graph\">{\"@context\":\"https:\/\/schema.org\",\"@graph\":[{\"@type\":\"WebPage\",\"@id\":\"https:\/\/www.wsti.pl\/co-widzial-czajnik-rozwazania-o-codziennosci\/\",\"url\":\"https:\/\/www.wsti.pl\/co-widzial-czajnik-rozwazania-o-codziennosci\/\",\"name\":\"Co widzia\u0142 czajnik? Rozwa\u017cania o codzienno\u015bci. - WSTI\",\"isPartOf\":{\"@id\":\"https:\/\/www.wsti.pl\/#website\"},\"primaryImageOfPage\":{\"@id\":\"https:\/\/www.wsti.pl\/co-widzial-czajnik-rozwazania-o-codziennosci\/#primaryimage\"},\"image\":{\"@id\":\"https:\/\/www.wsti.pl\/co-widzial-czajnik-rozwazania-o-codziennosci\/#primaryimage\"},\"thumbnailUrl\":\"https:\/\/www.wsti.pl\/wp-content\/uploads\/2024\/02\/czajnik-1.jpg\",\"datePublished\":\"2024-02-22T09:24:17+00:00\",\"dateModified\":\"2024-03-04T10:09:36+00:00\",\"breadcrumb\":{\"@id\":\"https:\/\/www.wsti.pl\/co-widzial-czajnik-rozwazania-o-codziennosci\/#breadcrumb\"},\"inLanguage\":\"ru-RU\",\"potentialAction\":[{\"@type\":\"ReadAction\",\"target\":[\"https:\/\/www.wsti.pl\/co-widzial-czajnik-rozwazania-o-codziennosci\/\"]}]},{\"@type\":\"ImageObject\",\"inLanguage\":\"ru-RU\",\"@id\":\"https:\/\/www.wsti.pl\/co-widzial-czajnik-rozwazania-o-codziennosci\/#primaryimage\",\"url\":\"https:\/\/www.wsti.pl\/wp-content\/uploads\/2024\/02\/czajnik-1.jpg\",\"contentUrl\":\"https:\/\/www.wsti.pl\/wp-content\/uploads\/2024\/02\/czajnik-1.jpg\",\"width\":960,\"height\":960},{\"@type\":\"BreadcrumbList\",\"@id\":\"https:\/\/www.wsti.pl\/co-widzial-czajnik-rozwazania-o-codziennosci\/#breadcrumb\",\"itemListElement\":[{\"@type\":\"ListItem\",\"position\":1,\"name\":\"Strona g\u0142\u00f3wna\",\"item\":\"https:\/\/www.wsti.pl\/ru\/\"},{\"@type\":\"ListItem\",\"position\":2,\"name\":\"Co widzia\u0142 czajnik? Rozwa\u017cania o codzienno\u015bci.\"}]},{\"@type\":\"WebSite\",\"@id\":\"https:\/\/www.wsti.pl\/#website\",\"url\":\"https:\/\/www.wsti.pl\/\",\"name\":\"WSTI\",\"description\":\"Wy\u017csza Szko\u0142a Technologii Informatycznych w Katowicach\",\"potentialAction\":[{\"@type\":\"SearchAction\",\"target\":{\"@type\":\"EntryPoint\",\"urlTemplate\":\"https:\/\/www.wsti.pl\/?s={search_term_string}\"},\"query-input\":{\"@type\":\"PropertyValueSpecification\",\"valueRequired\":true,\"valueName\":\"search_term_string\"}}],\"inLanguage\":\"ru-RU\"}]}<\/script>\n<!-- \/ Yoast SEO plugin. -->","yoast_head_json":{"title":"Co widzia\u0142 czajnik? Rozwa\u017cania o codzienno\u015bci. - WSTI","robots":{"index":"index","follow":"follow","max-snippet":"max-snippet:-1","max-image-preview":"max-image-preview:large","max-video-preview":"max-video-preview:-1"},"canonical":"https:\/\/www.wsti.pl\/co-widzial-czajnik-rozwazania-o-codziennosci\/","og_locale":"ru_RU","og_type":"article","og_title":"Co widzia\u0142 czajnik? Rozwa\u017cania o codzienno\u015bci. - WSTI","og_url":"https:\/\/www.wsti.pl\/co-widzial-czajnik-rozwazania-o-codziennosci\/","og_site_name":"WSTI","article_modified_time":"2024-03-04T10:09:36+00:00","og_image":[{"width":960,"height":960,"url":"https:\/\/www.wsti.pl\/wp-content\/uploads\/2024\/02\/czajnik-1.jpg","type":"image\/jpeg"}],"twitter_card":"summary_large_image","schema":{"@context":"https:\/\/schema.org","@graph":[{"@type":"WebPage","@id":"https:\/\/www.wsti.pl\/co-widzial-czajnik-rozwazania-o-codziennosci\/","url":"https:\/\/www.wsti.pl\/co-widzial-czajnik-rozwazania-o-codziennosci\/","name":"Co widzia\u0142 czajnik? Rozwa\u017cania o codzienno\u015bci. - WSTI","isPartOf":{"@id":"https:\/\/www.wsti.pl\/#website"},"primaryImageOfPage":{"@id":"https:\/\/www.wsti.pl\/co-widzial-czajnik-rozwazania-o-codziennosci\/#primaryimage"},"image":{"@id":"https:\/\/www.wsti.pl\/co-widzial-czajnik-rozwazania-o-codziennosci\/#primaryimage"},"thumbnailUrl":"https:\/\/www.wsti.pl\/wp-content\/uploads\/2024\/02\/czajnik-1.jpg","datePublished":"2024-02-22T09:24:17+00:00","dateModified":"2024-03-04T10:09:36+00:00","breadcrumb":{"@id":"https:\/\/www.wsti.pl\/co-widzial-czajnik-rozwazania-o-codziennosci\/#breadcrumb"},"inLanguage":"ru-RU","potentialAction":[{"@type":"ReadAction","target":["https:\/\/www.wsti.pl\/co-widzial-czajnik-rozwazania-o-codziennosci\/"]}]},{"@type":"ImageObject","inLanguage":"ru-RU","@id":"https:\/\/www.wsti.pl\/co-widzial-czajnik-rozwazania-o-codziennosci\/#primaryimage","url":"https:\/\/www.wsti.pl\/wp-content\/uploads\/2024\/02\/czajnik-1.jpg","contentUrl":"https:\/\/www.wsti.pl\/wp-content\/uploads\/2024\/02\/czajnik-1.jpg","width":960,"height":960},{"@type":"BreadcrumbList","@id":"https:\/\/www.wsti.pl\/co-widzial-czajnik-rozwazania-o-codziennosci\/#breadcrumb","itemListElement":[{"@type":"ListItem","position":1,"name":"Strona g\u0142\u00f3wna","item":"https:\/\/www.wsti.pl\/ru\/"},{"@type":"ListItem","position":2,"name":"Co widzia\u0142 czajnik? Rozwa\u017cania o codzienno\u015bci."}]},{"@type":"WebSite","@id":"https:\/\/www.wsti.pl\/#website","url":"https:\/\/www.wsti.pl\/","name":"WSTI","description":"Wy\u017csza Szko\u0142a Technologii Informatycznych w Katowicach","potentialAction":[{"@type":"SearchAction","target":{"@type":"EntryPoint","urlTemplate":"https:\/\/www.wsti.pl\/?s={search_term_string}"},"query-input":{"@type":"PropertyValueSpecification","valueRequired":true,"valueName":"search_term_string"}}],"inLanguage":"ru-RU"}]}},"_links":{"self":[{"href":"https:\/\/www.wsti.pl\/ru\/wp-json\/wp\/v2\/dyplomy_cpt\/17677","targetHints":{"allow":["GET"]}}],"collection":[{"href":"https:\/\/www.wsti.pl\/ru\/wp-json\/wp\/v2\/dyplomy_cpt"}],"about":[{"href":"https:\/\/www.wsti.pl\/ru\/wp-json\/wp\/v2\/types\/dyplomy_cpt"}],"author":[{"embeddable":true,"href":"https:\/\/www.wsti.pl\/ru\/wp-json\/wp\/v2\/users\/9"}],"wp:featuredmedia":[{"embeddable":true,"href":"https:\/\/www.wsti.pl\/ru\/wp-json\/wp\/v2\/media\/17779"}],"wp:attachment":[{"href":"https:\/\/www.wsti.pl\/ru\/wp-json\/wp\/v2\/media?parent=17677"}],"wp:term":[{"taxonomy":"dyplomy_cpt_tags","embeddable":true,"href":"https:\/\/www.wsti.pl\/ru\/wp-json\/wp\/v2\/dyplomy_cpt_tags?post=17677"}],"curies":[{"name":"wp","href":"https:\/\/api.w.org\/{rel}","templated":true}]}}