{"id":31818,"date":"2025-04-07T14:44:07","date_gmt":"2025-04-07T12:44:07","guid":{"rendered":"https:\/\/www.wsti.pl\/?post_type=wydarzenia_cpt&#038;p=31818"},"modified":"2025-04-10T09:42:50","modified_gmt":"2025-04-10T07:42:50","slug":"obchody-200-rocznicy-urodzin-salomona-lubowskiego-w-gliwicach-spacer-historyczny-i-uroczystosc-upamietniajaca","status":"publish","type":"wydarzenia_cpt","link":"https:\/\/www.wsti.pl\/uk\/obchody-200-rocznicy-urodzin-salomona-lubowskiego-w-gliwicach-spacer-historyczny-i-uroczystosc-upamietniajaca\/","title":{"rendered":"Obchody 200. rocznicy urodzin Salomona Lubowskiego w Gliwicach \u2013 spacer historyczny i uroczysto\u015b\u0107 upami\u0119tniaj\u0105ca"},"content":{"rendered":"<section class=\"textBlock textBlock--0 \">\n    <div class=\"tbc\">\n        <div class=\"container\">\n            <div class=\"row\">\n                                    <div class=\"col-12\">\n                                                                            <h5 class=\"title title--5 color--neutral-black tbc__title2\">Zaproszenie na wyj\u0105tkowe wydarzenie historyczno-kulturalne w Gliwicach<\/h5>                                                                            <div class=\"text text--2 color--neutral-black tbc__desc\"><p>Z ogromn\u0105 rado\u015bci\u0105, wsp\u00f3lnie z naszym nowym partnerem \u2013 firm\u0105 Mostostal Zabrze S.A., zapraszamy na niezwyk\u0142e obchody 200. rocznicy urodzin Salomona Lubowskiego \u2013 mistrza murarskiego i projektanta wielu znanych gliwickich budynk\u00f3w.<\/p>\n<p>&nbsp;<\/p>\n<ul>\n<li>Data: 27 kwietnia 2025 r.<\/li>\n<li>Godzina: 16:30\u201319:00<\/li>\n<li>Miejsce rozpocz\u0119cia: Dubois 16 &#8211; obecna siedziby Mostostal Zabrze S.A.<\/li>\n<li>Zako\u0144czenie: Stary Cmentarz \u017bydowski przy ul. Na Piasku<\/li>\n<\/ul>\n<p>&nbsp;<\/p>\n<p>Wydarzenie zosta\u0142o podzielone na dwie cz\u0119\u015bci, dzi\u0119ki kt\u00f3rym uczestnicy b\u0119d\u0105 mogli lepiej pozna\u0107 \u017cycie i tw\u00f3rczo\u015b\u0107 Salomona Lubowskiego:<\/p>\n<\/div>                                                                    <\/div>\n                                                                                                            <\/div>\n        <\/div>\n    <\/div>\n<\/section>\n\n\n<section class=\"textBlock textBlock--1 grayBG \">\n    <div class=\"tbc\">\n        <div class=\"container\">\n            <div class=\"row\">\n                                                    <div class=\"col-12\">\n                                            <\/div>\n                    <div class=\"col-12 col-lg-6 tbc__colLeft\">\n                        <div class=\"tbc__colLeft__inner\">\n                            <h5 class=\"title title--5 color--neutral-black tbc__titleCol5\"><img decoding=\"async\" class=\"tbc__h5icon\" src=\"https:\/\/www.wsti.pl\/wp-content\/uploads\/2023\/10\/number_icon1-colorred.svg\" alt=\"\" \/>Spacer historyczny \u201eArchitektura z klas\u0105\u201d \u2013 godz. 16:30<\/h5><div class=\"text text--2 color--neutral-black tbc__colDesc\"><p class=\"\" data-start=\"824\" data-end=\"1064\">Nieoficjalna cz\u0119\u015b\u0107 wydarzenia rozpocznie si\u0119 na gliwickim Rynku, tu\u017c obok fontanny Neptuna. Podczas spaceru uczestnicy odwiedz\u0105 najwa\u017cniejsze miejsca zwi\u0105zane z dorobkiem Lubowskiego i poznaj\u0105 histori\u0119 architektonicznego dziedzictwa Gliwic.<\/p>\n<\/div>                        <\/div>\n                    <\/div>\n                    <div class=\"col-12 col-lg-6 tbc__colRight\">\n                        <div class=\"tbc__colRight__inner\">\n                            <h5 class=\"title title--5 color--neutral-black tbc__titleCol5\"><img decoding=\"async\" class=\"tbc__h5icon\" src=\"https:\/\/www.wsti.pl\/wp-content\/uploads\/2023\/11\/number_icon2-colorred.svg\" alt=\"\" \/>Oficjalna uroczysto\u015b\u0107 na cmentarzu \u017cydowskim \u2013 godz. 18:00<\/h5><div class=\"text text--2 color--neutral-black tbc__colDesc\"><h4 class=\"\" data-start=\"1066\" data-end=\"1134\"><\/h4>\n<p class=\"\" data-start=\"1135\" data-end=\"1395\">Na Starym Cmentarzu \u017bydowskim przy ul. Na Piasku odb\u0119d\u0105 si\u0119 kr\u00f3tkie przem\u00f3wienia upami\u0119tniaj\u0105ce, a kulminacj\u0105 wydarzenia b\u0119dzie uroczyste <strong data-start=\"1273\" data-end=\"1332\">ods\u0142oni\u0119cie odrestaurowanego grobu Salomona i jego \u017cony<\/strong>. Zach\u0119camy do przyniesienia zniczy, kamyk\u00f3w i symboli pami\u0119ci.<\/p>\n<\/div>                        <\/div>\n                    <\/div>\n                    <div class=\"col-12\">\n                                            <\/div>\n                                                                                            <\/div>\n        <\/div>\n    <\/div>\n<\/section>\n\n\n<section class=\"textBlock textBlock--0 \">\n    <div class=\"tbc\">\n        <div class=\"container\">\n            <div class=\"row\">\n                                    <div class=\"col-12\">\n                                                                                                    <div class=\"text text--2 color--neutral-black tbc__desc\"><p>Na Starym Cmentarzu \u017bydowskim przy ul. Na Piasku odb\u0119d\u0105 si\u0119 kr\u00f3tkie przem\u00f3wienia upami\u0119tniaj\u0105ce, a kulminacj\u0105 wydarzenia b\u0119dzie uroczyste ods\u0142oni\u0119cie odrestaurowanego grobu Salomona i jego \u017cony. Zach\u0119camy do przyniesienia zniczy, kamyk\u00f3w i symboli pami\u0119ci.<\/p>\n<p>&nbsp;<\/p>\n<p>\ud83c\udf93 W wydarzenie aktywnie w\u0142\u0105czaj\u0105 si\u0119 nasi studenci \u2013 ich fotografie architektury b\u0119d\u0105 prezentowane zar\u00f3wno w odwiedzanych budynkach, jak i na samym cmentarzu. To wyj\u0105tkowa okazja, by zobaczy\u0107 Gliwice oczami tw\u00f3rc\u00f3w m\u0142odego pokolenia.<\/p>\n<p>&nbsp;<\/p>\n<p>Dla naszego partnera, Mostostalu Zabrze S.A., to r\u00f3wnie\u017c wa\u017cny jubileusz \u2013 firma \u015bwi\u0119tuje swoje 80-lecie dzia\u0142alno\u015bci. Wspominaj\u0105c wybitnego budowniczego, chce podkre\u015bli\u0107 swoje zaanga\u017cowanie w zachowanie dziedzictwa kulturowego i historycznego regionu.<\/p>\n<p>&nbsp;<\/p>\n<p>Nie mo\u017ce Was zabrakn\u0105\u0107!<br \/>\nDo\u0142\u0105czcie do nas i wsp\u00f3lnie uczcijmy pami\u0119\u0107 Salomona Lubowskiego \u2013 postaci, kt\u00f3ra na trwa\u0142e wpisa\u0142a si\u0119 w histori\u0119 Gliwic.<\/p>\n<\/div>                                                                    <\/div>\n                                                                                                            <\/div>\n        <\/div>\n    <\/div>\n<\/section>\n\n\n<section class=\"photo-block\">\n    <div class=\"container\">\n        <div class=\"row\">\n\n                            <div class=\"col-12\">\n                    <div class=\"photo-block__picture\">\n                                                    <img decoding=\"async\" src=\"https:\/\/www.wsti.pl\/wp-content\/uploads\/2025\/04\/Plakaty-Spacer-architektura.jpg\" alt=\"\" \/>\n                                            <\/div>\n                                    <\/div>\n            \n            <\/section>","protected":false},"author":9,"parent":0,"menu_order":0,"template":"","meta":{"_acf_changed":true},"wydarzenia_cpt_tags":[72],"class_list":["post-31818","wydarzenia_cpt","type-wydarzenia_cpt","status-publish","hentry","wydarzenia_cpt_tags-zapraszamy"],"acf":{"alert_on":false,"alert_filter_tag_select":false,"alert_filter_by_tag":[],"modalComunicatHeader_blog":"","modalComunicatHeader_link":null,"date_event_post":"20250407","awarded_post":false},"yoast_head":"<!-- This site is optimized with the Yoast SEO plugin v27.2 - https:\/\/yoast.com\/product\/yoast-seo-wordpress\/ -->\n<title>Obchody 200. rocznicy urodzin Salomona Lubowskiego w Gliwicach \u2013 spacer historyczny i uroczysto\u015b\u0107 upami\u0119tniaj\u0105ca - WSTI<\/title>\n<meta name=\"robots\" content=\"index, follow, max-snippet:-1, max-image-preview:large, max-video-preview:-1\" \/>\n<link rel=\"canonical\" href=\"https:\/\/www.wsti.pl\/obchody-200-rocznicy-urodzin-salomona-lubowskiego-w-gliwicach-spacer-historyczny-i-uroczystosc-upamietniajaca\/\" \/>\n<meta property=\"og:locale\" content=\"uk_UA\" \/>\n<meta property=\"og:type\" content=\"article\" \/>\n<meta property=\"og:title\" content=\"Obchody 200. rocznicy urodzin Salomona Lubowskiego w Gliwicach \u2013 spacer historyczny i uroczysto\u015b\u0107 upami\u0119tniaj\u0105ca - WSTI\" \/>\n<meta property=\"og:url\" content=\"https:\/\/www.wsti.pl\/obchody-200-rocznicy-urodzin-salomona-lubowskiego-w-gliwicach-spacer-historyczny-i-uroczystosc-upamietniajaca\/\" \/>\n<meta property=\"og:site_name\" content=\"WSTI\" \/>\n<meta property=\"article:modified_time\" content=\"2025-04-10T07:42:50+00:00\" \/>\n<meta name=\"twitter:card\" content=\"summary_large_image\" \/>\n<script type=\"application\/ld+json\" class=\"yoast-schema-graph\">{\"@context\":\"https:\/\/schema.org\",\"@graph\":[{\"@type\":\"WebPage\",\"@id\":\"https:\/\/www.wsti.pl\/obchody-200-rocznicy-urodzin-salomona-lubowskiego-w-gliwicach-spacer-historyczny-i-uroczystosc-upamietniajaca\/\",\"url\":\"https:\/\/www.wsti.pl\/obchody-200-rocznicy-urodzin-salomona-lubowskiego-w-gliwicach-spacer-historyczny-i-uroczystosc-upamietniajaca\/\",\"name\":\"Obchody 200. rocznicy urodzin Salomona Lubowskiego w Gliwicach \u2013 spacer historyczny i uroczysto\u015b\u0107 upami\u0119tniaj\u0105ca - WSTI\",\"isPartOf\":{\"@id\":\"https:\/\/www.wsti.pl\/#website\"},\"datePublished\":\"2025-04-07T12:44:07+00:00\",\"dateModified\":\"2025-04-10T07:42:50+00:00\",\"breadcrumb\":{\"@id\":\"https:\/\/www.wsti.pl\/obchody-200-rocznicy-urodzin-salomona-lubowskiego-w-gliwicach-spacer-historyczny-i-uroczystosc-upamietniajaca\/#breadcrumb\"},\"inLanguage\":\"uk\",\"potentialAction\":[{\"@type\":\"ReadAction\",\"target\":[\"https:\/\/www.wsti.pl\/obchody-200-rocznicy-urodzin-salomona-lubowskiego-w-gliwicach-spacer-historyczny-i-uroczystosc-upamietniajaca\/\"]}]},{\"@type\":\"BreadcrumbList\",\"@id\":\"https:\/\/www.wsti.pl\/obchody-200-rocznicy-urodzin-salomona-lubowskiego-w-gliwicach-spacer-historyczny-i-uroczystosc-upamietniajaca\/#breadcrumb\",\"itemListElement\":[{\"@type\":\"ListItem\",\"position\":1,\"name\":\"Strona g\u0142\u00f3wna\",\"item\":\"https:\/\/www.wsti.pl\/uk\/\"},{\"@type\":\"ListItem\",\"position\":2,\"name\":\"Obchody 200. rocznicy urodzin Salomona Lubowskiego w Gliwicach \u2013 spacer historyczny i uroczysto\u015b\u0107 upami\u0119tniaj\u0105ca\"}]},{\"@type\":\"WebSite\",\"@id\":\"https:\/\/www.wsti.pl\/#website\",\"url\":\"https:\/\/www.wsti.pl\/\",\"name\":\"WSTI\",\"description\":\"Wy\u017csza Szko\u0142a Technologii Informatycznych w Katowicach\",\"potentialAction\":[{\"@type\":\"SearchAction\",\"target\":{\"@type\":\"EntryPoint\",\"urlTemplate\":\"https:\/\/www.wsti.pl\/?s={search_term_string}\"},\"query-input\":{\"@type\":\"PropertyValueSpecification\",\"valueRequired\":true,\"valueName\":\"search_term_string\"}}],\"inLanguage\":\"uk\"}]}<\/script>\n<!-- \/ Yoast SEO plugin. -->","yoast_head_json":{"title":"Obchody 200. rocznicy urodzin Salomona Lubowskiego w Gliwicach \u2013 spacer historyczny i uroczysto\u015b\u0107 upami\u0119tniaj\u0105ca - WSTI","robots":{"index":"index","follow":"follow","max-snippet":"max-snippet:-1","max-image-preview":"max-image-preview:large","max-video-preview":"max-video-preview:-1"},"canonical":"https:\/\/www.wsti.pl\/obchody-200-rocznicy-urodzin-salomona-lubowskiego-w-gliwicach-spacer-historyczny-i-uroczystosc-upamietniajaca\/","og_locale":"uk_UA","og_type":"article","og_title":"Obchody 200. rocznicy urodzin Salomona Lubowskiego w Gliwicach \u2013 spacer historyczny i uroczysto\u015b\u0107 upami\u0119tniaj\u0105ca - WSTI","og_url":"https:\/\/www.wsti.pl\/obchody-200-rocznicy-urodzin-salomona-lubowskiego-w-gliwicach-spacer-historyczny-i-uroczystosc-upamietniajaca\/","og_site_name":"WSTI","article_modified_time":"2025-04-10T07:42:50+00:00","twitter_card":"summary_large_image","schema":{"@context":"https:\/\/schema.org","@graph":[{"@type":"WebPage","@id":"https:\/\/www.wsti.pl\/obchody-200-rocznicy-urodzin-salomona-lubowskiego-w-gliwicach-spacer-historyczny-i-uroczystosc-upamietniajaca\/","url":"https:\/\/www.wsti.pl\/obchody-200-rocznicy-urodzin-salomona-lubowskiego-w-gliwicach-spacer-historyczny-i-uroczystosc-upamietniajaca\/","name":"Obchody 200. rocznicy urodzin Salomona Lubowskiego w Gliwicach \u2013 spacer historyczny i uroczysto\u015b\u0107 upami\u0119tniaj\u0105ca - WSTI","isPartOf":{"@id":"https:\/\/www.wsti.pl\/#website"},"datePublished":"2025-04-07T12:44:07+00:00","dateModified":"2025-04-10T07:42:50+00:00","breadcrumb":{"@id":"https:\/\/www.wsti.pl\/obchody-200-rocznicy-urodzin-salomona-lubowskiego-w-gliwicach-spacer-historyczny-i-uroczystosc-upamietniajaca\/#breadcrumb"},"inLanguage":"uk","potentialAction":[{"@type":"ReadAction","target":["https:\/\/www.wsti.pl\/obchody-200-rocznicy-urodzin-salomona-lubowskiego-w-gliwicach-spacer-historyczny-i-uroczystosc-upamietniajaca\/"]}]},{"@type":"BreadcrumbList","@id":"https:\/\/www.wsti.pl\/obchody-200-rocznicy-urodzin-salomona-lubowskiego-w-gliwicach-spacer-historyczny-i-uroczystosc-upamietniajaca\/#breadcrumb","itemListElement":[{"@type":"ListItem","position":1,"name":"Strona g\u0142\u00f3wna","item":"https:\/\/www.wsti.pl\/uk\/"},{"@type":"ListItem","position":2,"name":"Obchody 200. rocznicy urodzin Salomona Lubowskiego w Gliwicach \u2013 spacer historyczny i uroczysto\u015b\u0107 upami\u0119tniaj\u0105ca"}]},{"@type":"WebSite","@id":"https:\/\/www.wsti.pl\/#website","url":"https:\/\/www.wsti.pl\/","name":"WSTI","description":"Wy\u017csza Szko\u0142a Technologii Informatycznych w Katowicach","potentialAction":[{"@type":"SearchAction","target":{"@type":"EntryPoint","urlTemplate":"https:\/\/www.wsti.pl\/?s={search_term_string}"},"query-input":{"@type":"PropertyValueSpecification","valueRequired":true,"valueName":"search_term_string"}}],"inLanguage":"uk"}]}},"_links":{"self":[{"href":"https:\/\/www.wsti.pl\/uk\/wp-json\/wp\/v2\/wydarzenia_cpt\/31818","targetHints":{"allow":["GET"]}}],"collection":[{"href":"https:\/\/www.wsti.pl\/uk\/wp-json\/wp\/v2\/wydarzenia_cpt"}],"about":[{"href":"https:\/\/www.wsti.pl\/uk\/wp-json\/wp\/v2\/types\/wydarzenia_cpt"}],"author":[{"embeddable":true,"href":"https:\/\/www.wsti.pl\/uk\/wp-json\/wp\/v2\/users\/9"}],"wp:attachment":[{"href":"https:\/\/www.wsti.pl\/uk\/wp-json\/wp\/v2\/media?parent=31818"}],"wp:term":[{"taxonomy":"wydarzenia_cpt_tags","embeddable":true,"href":"https:\/\/www.wsti.pl\/uk\/wp-json\/wp\/v2\/wydarzenia_cpt_tags?post=31818"}],"curies":[{"name":"wp","href":"https:\/\/api.w.org\/{rel}","templated":true}]}}